{"id":634,"date":"2014-04-03T06:28:16","date_gmt":"2014-04-03T04:28:16","guid":{"rendered":"http:\/\/www.ecolesaintvincentdepaul-arles.fr\/?page_id=634"},"modified":"2021-10-12T05:44:16","modified_gmt":"2021-10-12T03:44:16","slug":"projets","status":"publish","type":"page","link":"https:\/\/www.ecolesaintvincentdepaul-arles.fr\/?page_id=634","title":{"rendered":"Projet d&rsquo;\u00e9tablissement."},"content":{"rendered":"<div>\n<p style=\"text-align: left\"><span style=\"font-family: Bangla Sangam MN, serif\">Eclair<\/span><span style=\"font-family: Cambria, serif\">\u00e9 par le texte de r\u00e9f\u00e9rence du projet \u00e9ducatif vincentien reli\u00e9 aux orientations des assises de l\u2019enseignement catholique.<\/span><\/p>\n<\/div>\n<p><span style=\"font-family: Batang, serif\">Notre <\/span><span style=\"font-family: Batang, serif\">\u00e9<\/span><span style=\"font-family: Batang, serif\">cole Saint Vincent de Paul s<\/span><span style=\"font-family: Batang, serif\">\u2019<\/span><span style=\"font-family: Batang, serif\">inscrit dans la fid<\/span><span style=\"font-family: Batang, serif\">\u00e9<\/span><span style=\"font-family: Batang, serif\">lit<\/span><span style=\"font-family: Batang, serif\">\u00e9<\/span><span style=\"font-family: Batang, serif\"> et l<\/span><span style=\"font-family: Batang, serif\">\u2019<\/span><span style=\"font-family: Batang, serif\">inspiration de St Vincent de Paul. <\/span><\/p>\n<p><span style=\"font-family: Batang, serif\">Elle vise <\/span><span style=\"font-family: Batang, serif\">\u00e0<\/span><span style=\"font-family: Batang, serif\"> accorder <\/span><span style=\"font-family: Batang, serif\">\u00e0<\/span><span style=\"font-family: Batang, serif\"> chacun voire <\/span><span style=\"font-family: Batang, serif\">\u00e0<\/span><span style=\"font-family: Batang, serif\"> consolider gr<\/span><span style=\"font-family: Batang, serif\">\u00e2<\/span><span style=\"font-family: Batang, serif\">ce <\/span><span style=\"font-family: Batang, serif\">\u00e0<\/span><span style=\"font-family: Batang, serif\"> l<\/span><span style=\"font-family: Batang, serif\">\u2019<\/span><span style=\"font-family: Batang, serif\">enseignement et l<\/span><span style=\"font-family: Batang, serif\">\u2019<\/span><span style=\"font-family: Batang, serif\">\u00e9<\/span><span style=\"font-family: Batang, serif\">ducation, des rep<\/span><span style=\"font-family: Batang, serif\">\u00e8<\/span><span style=\"font-family: Batang, serif\">res sociaux. Elle tend dans une premi\u00e8re annonce explicite de l\u2019\u00e9vangile \u00e0 \u00e9veiller \u00e0 la dimension spirituelle les jeunes, les adultes. <\/span><\/p>\n<p><span style=\"font-family: Batang, serif\">Enracin<\/span><span style=\"font-family: Batang, serif\">\u00e9<\/span><span style=\"font-family: Batang, serif\">e dans son histoire, sa culture son environnement, elle invite des hommes et des femmes soucieux de se <\/span><span style=\"font-family: Batang, serif\">\u00ab&nbsp;<\/span><span style=\"font-family: Batang, serif\">mettre au service<\/span><span style=\"font-family: Batang, serif\">&nbsp;\u00bb<\/span><span style=\"font-family: Batang, serif\"> de chaque enfant qui leur est confi\u00e9, \u00e0 faire \u00ab&nbsp;faire communaut\u00e9&nbsp;\u00bb pour l\u2019entra\u00eener dans un parcours d\u2019esp\u00e9rance. <\/span><\/p>\n<p><span style=\"font-family: Batang, serif\">En communaut\u00e9 \u00e9ducative, pour accompagner chacun dans la construction de son identit\u00e9, Le projet d\u2019\u00e9tablissement d\u00e9cline comme suit ses vis\u00e9es \u00e9vang\u00e9liques, \u00e9ducatives et p\u00e9dagogiques. <\/span><\/p>\n<p><span style=\"font-family: Batang, serif\"><b>Une <\/b><\/span><span style=\"font-family: Batang, serif\"><b>\u00e9<\/b><\/span><span style=\"font-family: Batang, serif\"><b>cole qui fait de l<\/b><\/span><span style=\"font-family: Batang, serif\"><b>\u2019<\/b><\/span><span style=\"font-family: Batang, serif\"><b>accueil \u00ab&nbsp;un principe vivant&nbsp;\u00bb. <\/b><\/span><\/p>\n<p><span style=\"font-family: Batang, serif\"><b>Accueillir chaque enfant comme \u00eatre unique en r\u00e9f\u00e9rence aux valeurs fondatrices du charisme vincentien <\/b><\/span><span style=\"font-family: Batang, serif\"><b>: <\/b><\/span><\/p>\n<p><span style=\"font-family: Batang, serif\">Dans l\u2019adaptation de ses rythmes, dans la d\u00e9finition claire de rep\u00e8res de progressivit\u00e9 en faisant de la relation \u00e9cole\/famille le postulat de l\u2019action&nbsp;: <\/span><\/p>\n<p><span style=\"font-family: Batang, serif\"><br \/>\n&#8211; Projet de scolarisation des enfants de deux ans et demi dans une contractualisation \u00e9cole\/famille (convention) qui prend en compte le rythme biologique de l\u2019enfant (horaires d\u00e9cal\u00e9s, allongement des temps de sieste)&nbsp;; cognitif en pla\u00e7ant l\u2019accompagnement humain (une personne ressource) au centre de la d\u00e9marche d\u2019apprentissage pour favoriser le passage de l\u2019enfant \u00e0 l\u2019\u00e9l\u00e8ve. <\/span><\/p>\n<p><span style=\"font-family: Batang, serif\">&#8211; Projet de scolarisation personnalis\u00e9 qui place la relation \u00e9cole\/famille au centre du dispositif (convention)&nbsp;; pour des enfants \u00ab&nbsp;\u00e0 besoins \u00e9ducatifs particuliers&nbsp;\u00bb&nbsp;:<\/span><\/p>\n<p><span style=\"font-family: Batang, serif\">Renforcement de l\u2019accompagnement gr\u00e2ce \u00e0 la pr\u00e9sence parentale, am\u00e9nagement de la journ\u00e9e de classe, de la semaine. <\/span><\/p>\n<p><span style=\"font-family: Batang, serif\"><b>Accueillir chacun en privil\u00e9giant l\u2019esprit d\u2019ouverture et de discernement dans une \u00e9ducation attentive au respect des diff\u00e9rences.<br \/>\n<\/b><\/span><span style=\"font-family: Batang, serif\"><br \/>\n&#8211; <\/span><span style=\"font-family: Batang, serif\"><i>Rendre effectifs les principes d\u2019une \u00e9cole inclusive qui dans l\u2019indiff\u00e9renciation des r\u00e9sultats consent \u00e0 \u00ab&nbsp;changer le regard&nbsp;\u00bb dans une relation faite de simplicit\u00e9, d\u2019entraide, de bienveillance pour une meilleure prise en compte de la diversit\u00e9. <\/i><\/span><\/p>\n<p><span style=\"font-family: Batang, serif\"><i>En faisant du traitement de la difficult\u00e9 un enjeu majeur dans une recherche constante de pratiques efficientes. <\/i><\/span><\/p>\n<p><span style=\"font-family: Batang, serif\">&#8211; Adaptation des parcours \u00e0 partir d\u2019am\u00e9nagements visibles. <\/span><\/p>\n<p><span style=\"font-family: Batang, serif\">&#8211; Mutualisation des pratiques&nbsp;:<br \/>\n&#8211; D\u00e9multiplication des rencontres entre enseignants des classes ordinaires et sp\u00e9cialis\u00e9 dans des \u00e9changes formalis\u00e9s, \u00e0 partir d\u2019outils (grilles d\u2019objectifs, indicateurs de progr\u00e8s, crit\u00e8res d\u2019\u00e9valuation) pour envisager une rem\u00e9diation lisible, visible et op\u00e9rationnelle. <\/span><\/p>\n<p><span style=\"font-family: Batang, serif\">&#8211; Inscription de la co-intervention comme dispositif actif au sein des classes qui accueillent des enfants en \u00ab&nbsp;situation de handicap&nbsp;\u00bb et \u00ab&nbsp;\u00e0 besoins particuliers&nbsp;\u00bb. <\/span><\/p>\n<p><span style=\"font-family: Batang, serif\"><b>S\u2019adresser \u00e0 la globalit\u00e9 de la personne en faisant de la dimension spirituelle, de la r\u00e9f\u00e9rence aux valeurs vincentiennes, le<\/b><\/span> <span style=\"font-family: Batang, serif\"><b>creuset de l\u2019\u00e9panouissement<\/b><\/span><\/p>\n<p><span style=\"font-family: Batang, serif\">&#8211; Premi\u00e8re annonce explicite de l\u2019\u00e9vangile&nbsp;: cat\u00e9ch\u00e8se et pr\u00e9paration aux sacrements en lien avec les pr\u00eatres de la paroisse. <\/span><\/p>\n<p><span style=\"font-family: Batang, serif\"><i>Faire vivre les valeurs chr\u00e9tiennes, vincentiennes de fraternit\u00e9, en encourageant l\u2019entraide dans une mission de service des uns des autres. <\/i><\/span><\/p>\n<ul>\n<li><span style=\"font-family: Batang, serif\">Encourager \u00e0 la prise de responsabilit\u00e9 des \u00e9l\u00e8ves&nbsp;:<\/span><span style=\"font-family: Batang, serif\">Dans la mise au service des pairs en restauration&nbsp;;<\/span><span style=\"font-family: Batang, serif\">Pour la r\u00e9gulation des conflits dans un r\u00f4le de m\u00e9diation, \u00e0 diff\u00e9rents temps de la journ\u00e9e (pause m\u00e9ridienne, r\u00e9cr\u00e9ation).<\/span>\n<ul>\n<li><span style=\"font-family: Batang, serif\">Dans l\u2019am\u00e9lioration&nbsp;\u00bb du mieux \u00eatre ensemble&nbsp;\u00bb&nbsp;: participation \u00e0 l\u2019\u00e9lection des d\u00e9l\u00e9gu\u00e9s de classe. <\/span><\/li>\n<\/ul>\n<\/li>\n<\/ul>\n<p><span style=\"font-family: Batang, serif\"><i>Aider chacun \u00e0 se penser comme un \u00eatre reli\u00e9 source d\u2019apprentissage de l\u2019alt\u00e9rit\u00e9 pour combattre l\u2019individualisme et le repli sur soi. <\/i><\/span><\/p>\n<p><span style=\"font-family: Batang, serif\"><i>En faisant du bon rapport \u00e0 soi le postulat d\u2019une relation plus apais\u00e9e avec les autres&nbsp;:<\/i><\/span><\/p>\n<p><span style=\"font-family: Batang, serif\"><br \/>\n-Adh\u00e9rer aux temps d\u2019int\u00e9riorit\u00e9 propos\u00e9s.<br \/>\n-Participer \u00e0 diff\u00e9rentes propositions (ateliers yoga) sur le temps de la pause m\u00e9ridienne.<\/span><\/p>\n<p><span style=\"font-family: Batang, serif\"><i>En l\u2019ouvrant \u00e0 l\u2019interculturalit\u00e9 &nbsp;:<\/i><\/span><\/p>\n<p><span style=\"font-family: Batang, serif\"><i>Par l\u2019\u00e9largissement de ses cercles d\u2019influence, de l\u2019environnement proche au plus \u00e9loign\u00e9, pour d\u00e9velopper le sentiment d\u2019appartenance \u00e0 une culture, \u00e0 un territoire, \u00e0 un r\u00e9seau&nbsp;: <\/i><\/span><\/p>\n<ul>\n<li><span style=\"font-family: Batang, serif\">Engagement et coop\u00e9ration dans des projets d\u2019action collective avec production dans une prise en compte de la responsabilit\u00e9 individuelle au service de la r\u00e9ussite collective, en \u00e9cole.<\/span><\/li>\n<li><span style=\"font-family: Batang, serif\">Participation \u00e0 des manifestations hors les murs pour y rencontrer des pairs (enfants des \u00e9coles du dioc\u00e8se, coll\u00e9giens) lors des manifestations sportives, des activit\u00e9s de classes de d\u00e9couvertes (\u00e9l\u00e8ves des classes de CP et CE1). <\/span><\/li>\n<\/ul>\n<p><span style=\"font-family: Batang, serif\">-Vivre des projets en compl\u00e9mentarit\u00e9 avec l\u2019\u00e9tablissement vincentien du r\u00e9seau&nbsp;: \u00ab&nbsp;Le Campus vincentien&nbsp;\u00bb en prenant une part active \u00e0 la journ\u00e9e des \u00ab&nbsp;jeunes rencontres de la photographie&nbsp;\u00bb au Campus vincentien de mai. <\/span><\/p>\n<ul>\n<li><span style=\"font-family: Batang, serif\">S\u2019impliquer pour la r\u00e9ussite d\u2019une action collective, \u00e0 l\u2019\u00e9chelle europ\u00e9enne&nbsp;: Ch\u0153ur chant\u00e9 form\u00e9 des \u00e9l\u00e8ves de St Vincent de Paul, des jeunes du Campus vincentien et de coll\u00e9giens napolitains. <\/span><\/li>\n<\/ul>\n<p><span style=\"font-family: Batang, serif\">En facilitant les \u00e9changes interculturels<\/span><\/p>\n<p><span style=\"font-family: Batang, serif\">Au travers la sensibilisation d\u00e8s la PS et l\u2019apprentissage en langue anglaise gr\u00e2ce aux apports culturels et linguistiques d\u2019une personne ressource. <\/span><\/p>\n<p><span style=\"font-family: Batang, serif\">&nbsp;<\/span><\/p>\n<p><span style=\"font-family: Batang, serif\">&#8211;<\/span><span style=\"font-family: Batang, serif\"><b>Promouvoir la personne de l\u2019enfant\/\u00e9l\u00e8ve&nbsp;: <\/b><\/span><\/p>\n<p><span style=\"font-family: Batang, serif\"><b>En s\u2019adressant \u00e0 \u00ab&nbsp;toutes ses dimensions&nbsp;\u00bb&nbsp;: <\/b><\/span><\/p>\n<p><span style=\"font-family: Batang, serif\">&#8211; <\/span><span style=\"font-family: Batang, serif\"><b>Champ artistique et culturel.<\/b><\/span><span style=\"font-family: Batang, serif\"><br \/>\n<\/span><span style=\"font-family: Batang, serif\"><i>Par le d\u00e9veloppement d\u2019une conscience artistique et culturelle, en l\u2019ouvrant \u00e0 son environnement proche dans la rencontre avec les \u0153uvres, les artistes, les lieux de cr\u00e9ation et de diffusion&nbsp;pour y asseoir les apprentissages li\u00e9s aux fondamentaux. <\/i><\/span><\/p>\n<p><span style=\"font-family: Batang, serif\">-Fr\u00e9quentation des expositions temporaires de la fondation VVGogh&nbsp;; visite des monuments de l\u2019antiquit\u00e9 de la ville en lien avec les services du patrimoine&nbsp;; visites des collections des mus\u00e9es (Arlaten, de l\u2019Arles Antique, R\u00e9attu\u2026).<\/span><\/p>\n<p><span style=\"font-family: Batang, serif\">-Initiation aux arts visuels, culinaires, plastiques, du son de l\u2019image dans des actions en partenariat avec des artistes, des m\u00e9diateurs culturels appartenant aux diff\u00e9rents champs (danse, photographie, cuisine, peintures, sculptures, architecture, litt\u00e9rature&#8230;).<\/span><\/p>\n<p>F\u00e9d\u00e9ration des \u00e9l\u00e8ves de la PS au CM2 autour d\u2019actions collectives artistiques annuelles&nbsp;:<\/p>\n<ul>\n<li><span style=\"font-family: Batang, serif\">Cr\u00e9ation plastiques, dans\u00e9es, photographiques en collaboration avec des artistes.<\/span><\/li>\n<li><span style=\"font-family: Batang, serif\">Am\u00e9nagements des lieux de vie&nbsp;: cr\u00e9ations plastiques dans le hall&nbsp;: \u0153uvre \u00e0 \u00ab&nbsp;559 mains&nbsp;\u00bb titre&nbsp;: \u00ab&nbsp;comme s\u2019il en pleuvait&nbsp;\u00bb et expositions temporaires des travaux plastiques de chaque niveau. <\/span><\/li>\n<\/ul>\n<ul>\n<li><span style=\"font-family: Batang, serif\"><b>Champ de la conscience<\/b><\/span><span style=\"font-family: Batang, serif\">&nbsp;: <\/span><\/li>\n<\/ul>\n<p><span style=\"font-family: Batang, serif\"><i>Accompagner chacun \u00e0 l\u2019ouverture, \u00e0 la compr\u00e9hension de la complexit\u00e9 en \u00e9levant son niveau de conscience pour \u00e9laborer une pens\u00e9e collective, personnelle au travers du questionnement&nbsp;: <\/i><\/span><\/p>\n<ul>\n<li><span style=\"font-family: Batang, serif\">Cercles philosophiques&nbsp;: <\/span><\/li>\n<\/ul>\n<ul>\n<li><span style=\"font-family: Batang, serif\">Oser la confrontation des points de vue divergents dans le d\u00e9bat pour lib\u00e9rer une parole pleinement assum\u00e9e et respectueuse. <\/span><\/li>\n<li><span style=\"font-family: Batang, serif\">Susciter le d\u00e9veloppement d\u2019un \u00ab&nbsp;agir&nbsp;\u00bb qui fait de la dimension \u00e9cologique une priorit\u00e9&nbsp;: <\/span><\/li>\n<\/ul>\n<p><span style=\"font-family: Batang, serif\">&#8211; Approche de la dimension de \u00ab&nbsp;l\u2019\u00e9cologie int\u00e9grale&nbsp;\u00bb au travers d\u2019un parcours de questionnement pluriannuel inspir\u00e9 de l\u2019encyclique du pape Fran\u00e7ois&nbsp;\u00ab&nbsp; laudato si&nbsp;\u00bb en lien avec les pr\u00eatres de la paroisse. <\/span><\/p>\n<ul>\n<li><span style=\"font-family: Batang, serif\"><b>Champ social<\/b><\/span><\/li>\n<\/ul>\n<p><span style=\"font-family: Batang, serif\">Faire grandir chaque enfant en s\u2019appuyant sur les principes \u00e9ducatifs qui marquent la continuit\u00e9 \u00e9cole\/famille.<br \/>\n&#8211; Co-\u00e9laboration de rep\u00e8res communs entre les associations de parents d\u2019\u00e9l\u00e8ves, les parents d\u00e9l\u00e9gu\u00e9s de classe (r\u00e9daction des r\u00e8glements, du volet \u00e9ducatif du projet d\u2019\u00e9tablissement). <\/span><\/p>\n<p><span style=\"font-family: Batang, serif\"><b>Promouvoir chaque adulte acteur de la communaut\u00e9<\/b><\/span><\/p>\n<p><span style=\"font-family: Batang, serif\"><i>En priorisant la connaissance mutuelle entre ses diff\u00e9rents acteurs<\/i><\/span><\/p>\n<p><span style=\"font-family: Batang, serif\">&#8211; Association aux temps de r\u00e9flexion en amont des manifestations, des repr\u00e9sentants des associations de parents, des parents d\u00e9l\u00e9gu\u00e9s&nbsp;: <\/span><\/p>\n<p><span style=\"font-family: Batang, serif\">&#8211; Tables rondes pour la mise en place de rep\u00e8res \u00e9ducatifs communs. <\/span><\/p>\n<p><span style=\"font-family: Batang, serif\"><br \/>\n<\/span><span style=\"font-family: Batang, serif\"><i>En offrant aux enfants une meilleure connaissance du r\u00f4le de chacun sans circonscrire chaque adulte en activit\u00e9 \u00e0 sa fonction mais en s\u2019adressant \u00e0 sa personne. <\/i><\/span><\/p>\n<p><span style=\"font-family: Batang, serif\">&#8211; Ateliers du go\u00fbt en regroupements d\u00e9cloisonn\u00e9s d\u2019\u00e9l\u00e8ves en \u00e9l\u00e9mentaire avec la participation de l\u2019ensemble des personnels. <\/span><\/p>\n<p><span style=\"font-family: Batang, serif\">&#8211; Projet de cr\u00e9ation \u00e0 destination des cimaises de l\u2019\u00e9cole gr\u00e2ce au concours de l\u2019ensemble des adultes de l\u2019\u00e9cole. <\/span><\/p>\n<p><span style=\"font-family: Batang, serif\"><i>Rendre effective, l\u2019initiative en la recevant en l\u2019invitant. <\/i><\/span><\/p>\n<p><span style=\"font-family: Batang, serif\"><i>En s\u2019appuyant sur les comp\u00e9tences de chacun et les talents pour faire \u00e9merger des projets d\u2019action collectifs&nbsp;: <\/i><\/span><\/p>\n<ul>\n<li><span style=\"font-family: Batang, serif\">Elaboration de projets en \u00e9quipe de cycle, par niveaux&nbsp;: <\/span><\/li>\n<li><span style=\"font-family: Batang, serif\">En arts visuels (cimaises et hall de l\u2019\u00e9cole) en sciences (projet inter-\u00e9tablissement cycle 3, \u00e9l\u00e8ves de 3\u00b0 du Campus vincentien), en EMC (action chant\u00e9e avec l\u2019Italie).<br \/>\n<\/span><\/li>\n<\/ul>\n<p><span style=\"font-family: Batang, serif\"><i>&#8211; D\u00e9velopper une culture commune centr\u00e9e sur l\u2019int\u00e9gration de la diff\u00e9renciation<\/i><\/span><\/p>\n<p><span style=\"font-family: Batang, serif\">&#8211; Formation des acteurs au charisme vincentien (en lien avec VDP formation)<\/span><\/p>\n<p><span style=\"font-family: Batang, serif\">&#8211; S\u2019appuyer sur les ressources existantes&nbsp;: mobilisation des comp\u00e9tences existantes dans l\u2019ensemble des champs (coordinatrice en Ulis&#8230;.).<\/span><\/p>\n<p><span style=\"font-family: Batang, serif\">&#8211; S\u2019informer et se former pour questionner les pratiques <\/span><\/p>\n<p><span style=\"font-family: Batang, serif\">Avanc\u00e9e en neurosciences, p\u00e9dagogies alternatives.<\/span><\/p>\n<p><span style=\"font-family: Batang, serif\">Faire de la pause, le temps n\u00e9cessaire \u00e0 la relecture. <\/span><\/p>\n<p><span style=\"font-family: Batang, serif\">Pour questionner les modes d\u2019\u00eatre ensemble, d\u2019accompagner.<\/span><\/p>\n<p><span style=\"font-family: Batang, serif\">Temps de distanciation institu\u00e9 \u00e0 l\u2019emploi du temps pour \u00e9valuer les projets, les modes de fonctionnement, de communication. <\/span><\/p>\n","protected":false},"excerpt":{"rendered":"<p>Eclair\u00e9 par le texte de r\u00e9f\u00e9rence du projet \u00e9ducatif vincentien reli\u00e9 aux orientations des assises de l\u2019enseignement catholique. Notre \u00e9cole Saint Vincent de Paul s\u2019inscrit dans la fid\u00e9lit\u00e9 et l\u2019inspiration de St Vincent de Paul. Elle vise \u00e0 accorder \u00e0 &hellip; <a href=\"https:\/\/www.ecolesaintvincentdepaul-arles.fr\/?page_id=634\">Continuer la lecture <span class=\"meta-nav\">&rarr;<\/span><\/a><\/p>\n","protected":false},"author":13,"featured_media":0,"parent":19,"menu_order":0,"comment_status":"closed","ping_status":"closed","template":"","meta":{"footnotes":""},"class_list":["post-634","page","type-page","status-publish","hentry"],"_links":{"self":[{"href":"https:\/\/www.ecolesaintvincentdepaul-arles.fr\/index.php?rest_route=\/wp\/v2\/pages\/634","targetHints":{"allow":["GET"]}}],"collection":[{"href":"https:\/\/www.ecolesaintvincentdepaul-arles.fr\/index.php?rest_route=\/wp\/v2\/pages"}],"about":[{"href":"https:\/\/www.ecolesaintvincentdepaul-arles.fr\/index.php?rest_route=\/wp\/v2\/types\/page"}],"author":[{"embeddable":true,"href":"https:\/\/www.ecolesaintvincentdepaul-arles.fr\/index.php?rest_route=\/wp\/v2\/users\/13"}],"replies":[{"embeddable":true,"href":"https:\/\/www.ecolesaintvincentdepaul-arles.fr\/index.php?rest_route=%2Fwp%2Fv2%2Fcomments&post=634"}],"version-history":[{"count":1,"href":"https:\/\/www.ecolesaintvincentdepaul-arles.fr\/index.php?rest_route=\/wp\/v2\/pages\/634\/revisions"}],"predecessor-version":[{"id":14259,"href":"https:\/\/www.ecolesaintvincentdepaul-arles.fr\/index.php?rest_route=\/wp\/v2\/pages\/634\/revisions\/14259"}],"up":[{"embeddable":true,"href":"https:\/\/www.ecolesaintvincentdepaul-arles.fr\/index.php?rest_route=\/wp\/v2\/pages\/19"}],"wp:attachment":[{"href":"https:\/\/www.ecolesaintvincentdepaul-arles.fr\/index.php?rest_route=%2Fwp%2Fv2%2Fmedia&parent=634"}],"curies":[{"name":"wp","href":"https:\/\/api.w.org\/{rel}","templated":true}]}}